{"id":542,"date":"2022-05-25T12:29:34","date_gmt":"2022-05-25T12:29:34","guid":{"rendered":"http:\/\/rp221.com\/?page_id=542"},"modified":"2026-05-04T12:03:34","modified_gmt":"2026-05-04T12:03:34","slug":"economie","status":"publish","type":"page","link":"https:\/\/rp221.com\/?page_id=542","title":{"rendered":"Economie"},"content":{"rendered":"<p><div class=\"et_d4_element et_pb_section et_pb_section_0 et_pb_with_background  et_pb_css_mix_blend_mode et_section_regular et_block_section\" >\n\t\t\t\t\n\t\t\t\t\n\t\t\t\t\n\t\t\t\t\n\t\t\t\t\n\t\t\t\t\n\t\t\t\t<div class=\"et_d4_element et_pb_row et_pb_row_0  et_pb_css_mix_blend_mode et_block_row\">\n\t\t\t\t<div class=\"et_d4_element et_pb_column_4_4 et_pb_column et_pb_column_0  et_pb_css_mix_blend_mode et-last-child et_block_column\">\n\t\t\t\t\n\t\t\t\t\n\t\t\t\t\n\t\t\t\t\n\t\t\t\t<div class=\"et_pb_module et_d4_element et_pb_text et_pb_text_0  et_pb_text_align_left et_pb_bg_layout_light\">\n\t\t\t\t\n\t\t\t\t\n\t\t\t\t\n\t\t\t\t\n\t\t\t\t<div class=\"et_pb_text_inner\"><h2 style=\"text-align: center;\"><em><span style=\"color: #ffffff;\">Votre temps est pr\u00e9cieux, lisez l'essentiel de l'actualit\u00e9 sur rp221.com<\/span><\/em><\/h2><\/div>\n\t\t\t<\/div>\n\t\t\t<\/div>\n\t\t\t\t\n\t\t\t\t\n\t\t\t\t\n\t\t\t\t\n\t\t\t<\/div>\n\t\t\t\t\n\t\t\t\t\n\t\t\t<\/div><div class=\"et_d4_element et_pb_section et_pb_section_1 et_pb_with_background  et_pb_css_mix_blend_mode et_section_regular et_block_section\" >\n\t\t\t\t\n\t\t\t\t\n\t\t\t\t\n\t\t\t\t\n\t\t\t\t\n\t\t\t\t\n\t\t\t\t<div class=\"et_d4_element et_pb_row et_pb_row_1  et_pb_css_mix_blend_mode et_block_row\">\n\t\t\t\t<div class=\"et_d4_element et_pb_column_1_2 et_pb_column et_pb_column_1  et_pb_css_mix_blend_mode et_block_column\">\n\t\t\t\t\n\t\t\t\t\n\t\t\t\t\n\t\t\t\t\n\t\t\t\t<div class=\"et_pb_module et_d4_element et_pb_blog_0  et_pb_css_mix_blend_mode et_pb_posts et_pb_bg_layout_light \">\n\t\t\t\t\n\t\t\t\t\n\t\t\t\t\n\t\t\t\t\n\t\t\t\t<div class=\"et_pb_ajax_pagination_container\">\n\t\t\t\t\t\n\t\t\t<article id=\"post-41868\" class=\"et_pb_post clearfix et_pb_blog_item_0_0 post-41868 post type-post status-publish format-standard has-post-thumbnail hentry category-economie\">\n\n\t\t\t\t<a href=\"https:\/\/rp221.com\/?p=41868\" class=\"entry-featured-image-url\"><img loading=\"lazy\" decoding=\"async\" src=\"https:\/\/rp221.com\/wp-content\/uploads\/2026\/08\/Serigne-Gueye-Diop-sur-le-marche.jpeg-1080x675.webp\" alt=\"Gamou Tivaouane : le ministre du Commerce rassure sur l\u2019approvisionnement correct du march\u00e9 en denr\u00e9es alimentaires\" class=\"\" width=\"1080\" height=\"675\" srcset=\"https:\/\/rp221.com\/wp-content\/uploads\/2026\/08\/Serigne-Gueye-Diop-sur-le-marche.jpeg-1080x675.webp 1080w, https:\/\/rp221.com\/wp-content\/uploads\/2026\/08\/Serigne-Gueye-Diop-sur-le-marche.jpeg-980x631.webp 980w, https:\/\/rp221.com\/wp-content\/uploads\/2026\/08\/Serigne-Gueye-Diop-sur-le-marche.jpeg-480x309.webp 480w\" sizes=\"(min-width: 0px) and (max-width: 480px) 480px, (min-width: 481px) and (max-width: 980px) 980px, (min-width: 981px) 1080px, 100vw\" \/><\/a>\n\t\t\t\t\t\t\t\t\t\t\t\t\t\t<h2 class=\"entry-title\">\n\t\t\t\t\t\t\t\t\t\t\t\t\t<a href=\"https:\/\/rp221.com\/?p=41868\">Gamou Tivaouane : le ministre du Commerce rassure sur l\u2019approvisionnement correct du march\u00e9 en denr\u00e9es alimentaires<\/a>\n\t\t\t\t\t\t\t\t\t\t\t<\/h2>\n\t\t\t\t\n\t\t\t\t\t<p class=\"post-meta\"><span class=\"published\">Ao\u00fbt 20, 2026<\/span> | <a href=\"https:\/\/rp221.com\/?cat=42\" rel=\"tag\">Economie<\/a><\/p><div class=\"post-content\"><div class=\"post-content-inner\"><p>Le ministre du Commerce, Serigne Gueye Diop, a effectu\u00e9, mardi 18 ao\u00fbt, une visite de terrain \u00e0 Tivaouane, \u00e0 la veille du Gamou, pour \u00e9valuer l\u2019\u00e9tat d\u2019approvisionnement du march\u00e9 en denr\u00e9es de premi\u00e8re n\u00e9cessit\u00e9. Accompagn\u00e9 du pr\u00e9fet, de la pr\u00e9sidente du Conseil...<\/p>\n<\/div><\/div>\t\t\t\n\t\t\t<\/article>\n\t\t\t\t\n\t\t\t<article id=\"post-41865\" class=\"et_pb_post clearfix et_pb_blog_item_0_1 post-41865 post type-post status-publish format-standard has-post-thumbnail hentry category-economie\">\n\n\t\t\t\t<a href=\"https:\/\/rp221.com\/?p=41865\" class=\"entry-featured-image-url\"><img loading=\"lazy\" decoding=\"async\" src=\"https:\/\/rp221.com\/wp-content\/uploads\/2026\/08\/Energies_renouvelables.webp\" alt=\"Le S\u00e9n\u00e9gal \u00e0 l\u2019\u00e9cole sud-africaine\" class=\"\" width=\"1080\" height=\"675\" srcset=\"https:\/\/rp221.com\/wp-content\/uploads\/2026\/08\/Energies_renouvelables.webp 1080w, https:\/\/rp221.com\/wp-content\/uploads\/2026\/08\/Energies_renouvelables-480x327.webp 480w\" sizes=\"(min-width: 0px) and (max-width: 480px) 480px, (min-width: 481px) 1080px, 100vw\" \/><\/a>\n\t\t\t\t\t\t\t\t\t\t\t\t\t\t<h2 class=\"entry-title\">\n\t\t\t\t\t\t\t\t\t\t\t\t\t<a href=\"https:\/\/rp221.com\/?p=41865\">Le S\u00e9n\u00e9gal \u00e0 l\u2019\u00e9cole sud-africaine<\/a>\n\t\t\t\t\t\t\t\t\t\t\t<\/h2>\n\t\t\t\t\n\t\t\t\t\t<p class=\"post-meta\"><span class=\"published\">Ao\u00fbt 20, 2026<\/span> | <a href=\"https:\/\/rp221.com\/?cat=42\" rel=\"tag\">Economie<\/a><\/p><div class=\"post-content\"><div class=\"post-content-inner\"><p>\u00c0 Johannesburg, le S\u00e9n\u00e9gal confronte sa trajectoire de transition \u00e9nerg\u00e9tique \u00e0 l\u2019exp\u00e9rience sud-africaine, plus avanc\u00e9e dans la mise en \u0153uvre du Partenariat pour une transition \u00e9nerg\u00e9tique juste (Jetp). Les \u00e9changes mettent en \u00e9vidence des enseignements sur le...<\/p>\n<\/div><\/div>\t\t\t\n\t\t\t<\/article>\n\t\t\t\t\n\t\t\t<article id=\"post-41854\" class=\"et_pb_post clearfix et_pb_blog_item_0_2 post-41854 post type-post status-publish format-standard has-post-thumbnail hentry category-economie\">\n\n\t\t\t\t<a href=\"https:\/\/rp221.com\/?p=41854\" class=\"entry-featured-image-url\"><img loading=\"lazy\" decoding=\"async\" src=\"https:\/\/rp221.com\/wp-content\/uploads\/2026\/08\/97744082-68043851.jpg\" alt=\"Nouveau Code du travail : Mamadou Lamine Diante assume le CDD de 4 ans et promet de \u00ab renforcer les pouvoirs de l\u2019administration du travail \u00bb\" class=\"\" width=\"1080\" height=\"675\" srcset=\"https:\/\/rp221.com\/wp-content\/uploads\/2026\/08\/97744082-68043851.jpg 1080w, https:\/\/rp221.com\/wp-content\/uploads\/2026\/08\/97744082-68043851-480x270.jpg 480w\" sizes=\"(min-width: 0px) and (max-width: 480px) 480px, (min-width: 481px) 1080px, 100vw\" \/><\/a>\n\t\t\t\t\t\t\t\t\t\t\t\t\t\t<h2 class=\"entry-title\">\n\t\t\t\t\t\t\t\t\t\t\t\t\t<a href=\"https:\/\/rp221.com\/?p=41854\">Nouveau Code du travail : Mamadou Lamine Diante assume le CDD de 4 ans et promet de \u00ab renforcer les pouvoirs de l\u2019administration du travail \u00bb<\/a>\n\t\t\t\t\t\t\t\t\t\t\t<\/h2>\n\t\t\t\t\n\t\t\t\t\t<p class=\"post-meta\"><span class=\"published\">Ao\u00fbt 20, 2026<\/span> | <a href=\"https:\/\/rp221.com\/?cat=42\" rel=\"tag\">Economie<\/a><\/p><div class=\"post-content\"><div class=\"post-content-inner\"><p>Au micro de Dakaractu Mbour, le ministre de la Fonction publique, du Travail et de la R\u00e9forme du service public, Mamadou Lamine Diante, est revenu sur les grandes orientations de son d\u00e9partement et sur les enjeux li\u00e9s aux nouveaux Codes du travail et de la s\u00e9curit\u00e9...<\/p>\n<\/div><\/div>\t\t\t\n\t\t\t<\/article>\n\t\t\t\t\n\t\t\t<article id=\"post-41850\" class=\"et_pb_post clearfix et_pb_blog_item_0_3 post-41850 post type-post status-publish format-standard has-post-thumbnail hentry category-economie\">\n\n\t\t\t\t<a href=\"https:\/\/rp221.com\/?p=41850\" class=\"entry-featured-image-url\"><img loading=\"lazy\" decoding=\"async\" src=\"https:\/\/rp221.com\/wp-content\/uploads\/2026\/08\/birame-souleye-diop-1200x800-1-1080x675.webp\" alt=\"Hausse du prix du carburant: L\u2019ancien ministre de l\u2019\u00e9nergie, Birame Souleye Diop accuse l\u2019actuel gouvernement de ne pas appliquer les solutions propos\u00e9es par l\u2019\u00e9quipe de Sonko\" class=\"\" width=\"1080\" height=\"675\" srcset=\"https:\/\/rp221.com\/wp-content\/uploads\/2026\/08\/birame-souleye-diop-1200x800-1-1080x675.webp 1080w, https:\/\/rp221.com\/wp-content\/uploads\/2026\/08\/birame-souleye-diop-1200x800-1-980x653.webp 980w, https:\/\/rp221.com\/wp-content\/uploads\/2026\/08\/birame-souleye-diop-1200x800-1-480x320.webp 480w\" sizes=\"(min-width: 0px) and (max-width: 480px) 480px, (min-width: 481px) and (max-width: 980px) 980px, (min-width: 981px) 1080px, 100vw\" \/><\/a>\n\t\t\t\t\t\t\t\t\t\t\t\t\t\t<h2 class=\"entry-title\">\n\t\t\t\t\t\t\t\t\t\t\t\t\t<a href=\"https:\/\/rp221.com\/?p=41850\">Hausse du prix du carburant: L\u2019ancien ministre de l\u2019\u00e9nergie, Birame Souleye Diop accuse l\u2019actuel gouvernement de ne pas appliquer les solutions propos\u00e9es par l\u2019\u00e9quipe de Sonko<\/a>\n\t\t\t\t\t\t\t\t\t\t\t<\/h2>\n\t\t\t\t\n\t\t\t\t\t<p class=\"post-meta\"><span class=\"published\">Ao\u00fbt 20, 2026<\/span> | <a href=\"https:\/\/rp221.com\/?cat=42\" rel=\"tag\">Economie<\/a><\/p><div class=\"post-content\"><div class=\"post-content-inner\"><p>L\u2019ancien ministre de l\u2019\u00c9nergie, du P\u00e9trole et des Mines, Birame Souleye Diop, est revenu sur les raisons ayant conduit \u00e0 la r\u00e9cente augmentation du prix du carburant au S\u00e9n\u00e9gal. S\u2019exprimant cet apr\u00e8s-midi lors du point de presse du parti Pastef, dont il est membre, il...<\/p>\n<\/div><\/div>\t\t\t\n\t\t\t<\/article>\n\t\t\t\t\n\t\t\t<article id=\"post-41844\" class=\"et_pb_post clearfix et_pb_blog_item_0_4 post-41844 post type-post status-publish format-standard has-post-thumbnail hentry category-economie\">\n\n\t\t\t\t<a href=\"https:\/\/rp221.com\/?p=41844\" class=\"entry-featured-image-url\"><img loading=\"lazy\" decoding=\"async\" src=\"https:\/\/rp221.com\/wp-content\/uploads\/2026\/08\/IMG-20260819-WA0059.jpg-1080x675.webp\" alt=\"ORPAILLAGE CLANDESTIN : LE MINIST\u00c8RE DES MINES ET LES ARM\u00c9ES RENFORCENT LEUR COORDINATION\" class=\"\" width=\"1080\" height=\"675\" srcset=\"https:\/\/rp221.com\/wp-content\/uploads\/2026\/08\/IMG-20260819-WA0059.jpg-1080x675.webp 1080w, https:\/\/rp221.com\/wp-content\/uploads\/2026\/08\/IMG-20260819-WA0059.jpg-980x654.webp 980w, https:\/\/rp221.com\/wp-content\/uploads\/2026\/08\/IMG-20260819-WA0059.jpg-480x320.webp 480w\" sizes=\"(min-width: 0px) and (max-width: 480px) 480px, (min-width: 481px) and (max-width: 980px) 980px, (min-width: 981px) 1080px, 100vw\" \/><\/a>\n\t\t\t\t\t\t\t\t\t\t\t\t\t\t<h2 class=\"entry-title\">\n\t\t\t\t\t\t\t\t\t\t\t\t\t<a href=\"https:\/\/rp221.com\/?p=41844\">ORPAILLAGE CLANDESTIN : LE MINIST\u00c8RE DES MINES ET LES ARM\u00c9ES RENFORCENT LEUR COORDINATION<\/a>\n\t\t\t\t\t\t\t\t\t\t\t<\/h2>\n\t\t\t\t\n\t\t\t\t\t<p class=\"post-meta\"><span class=\"published\">Ao\u00fbt 20, 2026<\/span> | <a href=\"https:\/\/rp221.com\/?cat=42\" rel=\"tag\">Economie<\/a><\/p><div class=\"post-content\"><div class=\"post-content-inner\"><p>La lutte contre l\u2019orpaillage clandestin s\u2019impose comme un terrain de coop\u00e9ration renforc\u00e9e entre les services de l\u2019\u00c9tat. Le ministre des Mines et de la G\u00e9ologie, Cheikhou Oumar Seck, a \u00e9t\u00e9 re\u00e7u mardi au quartier Dial-Diop par le Chef d\u2019\u00e9tat-major g\u00e9n\u00e9ral des Arm\u00e9es...<\/p>\n<\/div><\/div>\t\t\t\n\t\t\t<\/article>\n\t\t\t\t\n\t\t\t<article id=\"post-41765\" class=\"et_pb_post clearfix et_pb_blog_item_0_5 post-41765 post type-post status-publish format-standard has-post-thumbnail hentry category-economie\">\n\n\t\t\t\t<a href=\"https:\/\/rp221.com\/?p=41765\" class=\"entry-featured-image-url\"><img loading=\"lazy\" decoding=\"async\" src=\"https:\/\/rp221.com\/wp-content\/uploads\/2026\/08\/Tarifs-1080x675.webp\" alt=\"Hausse du prix du carburant: les chauffeurs redoutent un manque \u00e0 gagner\" class=\"\" width=\"1080\" height=\"675\" srcset=\"https:\/\/rp221.com\/wp-content\/uploads\/2026\/08\/Tarifs-980x559.webp 980w, https:\/\/rp221.com\/wp-content\/uploads\/2026\/08\/Tarifs-480x274.webp 480w\" sizes=\"(min-width: 0px) and (max-width: 480px) 480px, (min-width: 481px) and (max-width: 980px) 980px, (min-width: 981px) 1080px, 100vw\" \/><\/a>\n\t\t\t\t\t\t\t\t\t\t\t\t\t\t<h2 class=\"entry-title\">\n\t\t\t\t\t\t\t\t\t\t\t\t\t<a href=\"https:\/\/rp221.com\/?p=41765\">Hausse du prix du carburant: les chauffeurs redoutent un manque \u00e0 gagner<\/a>\n\t\t\t\t\t\t\t\t\t\t\t<\/h2>\n\t\t\t\t\n\t\t\t\t\t<p class=\"post-meta\"><span class=\"published\">Ao\u00fbt 18, 2026<\/span> | <a href=\"https:\/\/rp221.com\/?cat=42\" rel=\"tag\">Economie<\/a><\/p><div class=\"post-content\"><div class=\"post-content-inner\"><p>Face \u00e0 la hausse du prix du carburant, les professionnels du transport choisissent, pour l\u2019heure, d\u2019absorber le choc plut\u00f4t que de le r\u00e9percuter sur les passagers. Une tr\u00eave tarifaire qui prot\u00e8ge les usagers \u00e0 court terme, mais fragilise davantage des chauffeurs aux...<\/p>\n<\/div><\/div>\t\t\t\n\t\t\t<\/article>\n\t\t\t\t\n\t\t\t<article id=\"post-41762\" class=\"et_pb_post clearfix et_pb_blog_item_0_6 post-41762 post type-post status-publish format-standard has-post-thumbnail hentry category-economie\">\n\n\t\t\t\t<a href=\"https:\/\/rp221.com\/?p=41762\" class=\"entry-featured-image-url\"><img loading=\"lazy\" decoding=\"async\" src=\"https:\/\/rp221.com\/wp-content\/uploads\/2026\/08\/Gora-Khouma.jpg-1080x675.webp\" alt=\"Pr\u00e9sident de l\u2019Union des routiers du S\u00e9n\u00e9gal: Gora Khouma appelle au maintien des tarifs du transport\" class=\"\" width=\"1080\" height=\"675\" srcset=\"https:\/\/rp221.com\/wp-content\/uploads\/2026\/08\/Gora-Khouma.jpg-980x741.webp 980w, https:\/\/rp221.com\/wp-content\/uploads\/2026\/08\/Gora-Khouma.jpg-480x363.webp 480w\" sizes=\"(min-width: 0px) and (max-width: 480px) 480px, (min-width: 481px) and (max-width: 980px) 980px, (min-width: 981px) 1080px, 100vw\" \/><\/a>\n\t\t\t\t\t\t\t\t\t\t\t\t\t\t<h2 class=\"entry-title\">\n\t\t\t\t\t\t\t\t\t\t\t\t\t<a href=\"https:\/\/rp221.com\/?p=41762\">Pr\u00e9sident de l\u2019Union des routiers du S\u00e9n\u00e9gal: Gora Khouma appelle au maintien des tarifs du transport<\/a>\n\t\t\t\t\t\t\t\t\t\t\t<\/h2>\n\t\t\t\t\n\t\t\t\t\t<p class=\"post-meta\"><span class=\"published\">Ao\u00fbt 18, 2026<\/span> | <a href=\"https:\/\/rp221.com\/?cat=42\" rel=\"tag\">Economie<\/a><\/p><div class=\"post-content\"><div class=\"post-content-inner\"><p>La hausse du carburant ne doit pas entra\u00eener une nouvelle augmentation des tarifs de transport. C\u2019est la position d\u00e9fendue par Gora Khouma, pr\u00e9sident de l\u2019Union des routiers du S\u00e9n\u00e9gal, qui appelle les professionnels \u00e0 maintenir les prix pratiqu\u00e9s jusqu\u2019ici afin de ne...<\/p>\n<\/div><\/div>\t\t\t\n\t\t\t<\/article>\n\t\t\t\t<div><div class=\"pagination clearfix\">\n\t<div class=\"alignleft\"><a href=\"https:\/\/rp221.com\/index.php?rest_route=%2Fwp%2Fv2%2Fpages%2F542&#038;paged=2&#038;et_blog\" >&laquo; Entr\u00e9es Plus Anciennes<\/a><\/div>\n\t<div class=\"alignright\"><\/div>\n<\/div><\/div><\/div>\n\t\t\t\t<\/div>\n\t\t\t\t \n\t\t\t<\/div><div class=\"et_d4_element et_pb_column_1_2 et_pb_column et_pb_column_2  et_pb_css_mix_blend_mode et-last-child et_block_column\">\n\t\t\t\t\n\t\t\t\t\n\t\t\t\t\n\t\t\t\t\n\t\t\t\t<div class=\"et_pb_module et_d4_element et_pb_blog_1  et_pb_css_mix_blend_mode et_pb_posts et_pb_bg_layout_light \">\n\t\t\t\t\n\t\t\t\t\n\t\t\t\t\n\t\t\t\t\n\t\t\t\t<div class=\"et_pb_ajax_pagination_container\">\n\t\t\t\t\t\n\t\t\t<article id=\"post-41850\" class=\"et_pb_post clearfix et_pb_blog_item_1_0 post-41850 post type-post status-publish format-standard has-post-thumbnail hentry category-economie\">\n\n\t\t\t\t<a href=\"https:\/\/rp221.com\/?p=41850\" class=\"entry-featured-image-url\"><img loading=\"lazy\" decoding=\"async\" src=\"https:\/\/rp221.com\/wp-content\/uploads\/2026\/08\/birame-souleye-diop-1200x800-1-1080x675.webp\" alt=\"Hausse du prix du carburant: L\u2019ancien ministre de l\u2019\u00e9nergie, Birame Souleye Diop accuse l\u2019actuel gouvernement de ne pas appliquer les solutions propos\u00e9es par l\u2019\u00e9quipe de Sonko\" class=\"\" width=\"1080\" height=\"675\" srcset=\"https:\/\/rp221.com\/wp-content\/uploads\/2026\/08\/birame-souleye-diop-1200x800-1-1080x675.webp 1080w, https:\/\/rp221.com\/wp-content\/uploads\/2026\/08\/birame-souleye-diop-1200x800-1-980x653.webp 980w, https:\/\/rp221.com\/wp-content\/uploads\/2026\/08\/birame-souleye-diop-1200x800-1-480x320.webp 480w\" sizes=\"(min-width: 0px) and (max-width: 480px) 480px, (min-width: 481px) and (max-width: 980px) 980px, (min-width: 981px) 1080px, 100vw\" \/><\/a>\n\t\t\t\t\t\t\t\t\t\t\t\t\t\t<h2 class=\"entry-title\">\n\t\t\t\t\t\t\t\t\t\t\t\t\t<a href=\"https:\/\/rp221.com\/?p=41850\">Hausse du prix du carburant: L\u2019ancien ministre de l\u2019\u00e9nergie, Birame Souleye Diop accuse l\u2019actuel gouvernement de ne pas appliquer les solutions propos\u00e9es par l\u2019\u00e9quipe de Sonko<\/a>\n\t\t\t\t\t\t\t\t\t\t\t<\/h2>\n\t\t\t\t\n\t\t\t\t\t<p class=\"post-meta\"><span class=\"published\">Ao\u00fbt 20, 2026<\/span> | <a href=\"https:\/\/rp221.com\/?cat=42\" rel=\"tag\">Economie<\/a><\/p><div class=\"post-content\"><div class=\"post-content-inner\"><p>L\u2019ancien ministre de l\u2019\u00c9nergie, du P\u00e9trole et des Mines, Birame Souleye Diop, est revenu sur les raisons ayant conduit \u00e0 la r\u00e9cente augmentation du prix du carburant au S\u00e9n\u00e9gal. S\u2019exprimant cet apr\u00e8s-midi lors du point de presse du parti Pastef, dont il est membre, il...<\/p>\n<\/div><\/div>\t\t\t\n\t\t\t<\/article>\n\t\t\t\t\n\t\t\t<article id=\"post-41844\" class=\"et_pb_post clearfix et_pb_blog_item_1_1 post-41844 post type-post status-publish format-standard has-post-thumbnail hentry category-economie\">\n\n\t\t\t\t<a href=\"https:\/\/rp221.com\/?p=41844\" class=\"entry-featured-image-url\"><img loading=\"lazy\" decoding=\"async\" src=\"https:\/\/rp221.com\/wp-content\/uploads\/2026\/08\/IMG-20260819-WA0059.jpg-1080x675.webp\" alt=\"ORPAILLAGE CLANDESTIN : LE MINIST\u00c8RE DES MINES ET LES ARM\u00c9ES RENFORCENT LEUR COORDINATION\" class=\"\" width=\"1080\" height=\"675\" srcset=\"https:\/\/rp221.com\/wp-content\/uploads\/2026\/08\/IMG-20260819-WA0059.jpg-1080x675.webp 1080w, https:\/\/rp221.com\/wp-content\/uploads\/2026\/08\/IMG-20260819-WA0059.jpg-980x654.webp 980w, https:\/\/rp221.com\/wp-content\/uploads\/2026\/08\/IMG-20260819-WA0059.jpg-480x320.webp 480w\" sizes=\"(min-width: 0px) and (max-width: 480px) 480px, (min-width: 481px) and (max-width: 980px) 980px, (min-width: 981px) 1080px, 100vw\" \/><\/a>\n\t\t\t\t\t\t\t\t\t\t\t\t\t\t<h2 class=\"entry-title\">\n\t\t\t\t\t\t\t\t\t\t\t\t\t<a href=\"https:\/\/rp221.com\/?p=41844\">ORPAILLAGE CLANDESTIN : LE MINIST\u00c8RE DES MINES ET LES ARM\u00c9ES RENFORCENT LEUR COORDINATION<\/a>\n\t\t\t\t\t\t\t\t\t\t\t<\/h2>\n\t\t\t\t\n\t\t\t\t\t<p class=\"post-meta\"><span class=\"published\">Ao\u00fbt 20, 2026<\/span> | <a href=\"https:\/\/rp221.com\/?cat=42\" rel=\"tag\">Economie<\/a><\/p><div class=\"post-content\"><div class=\"post-content-inner\"><p>La lutte contre l\u2019orpaillage clandestin s\u2019impose comme un terrain de coop\u00e9ration renforc\u00e9e entre les services de l\u2019\u00c9tat. Le ministre des Mines et de la G\u00e9ologie, Cheikhou Oumar Seck, a \u00e9t\u00e9 re\u00e7u mardi au quartier Dial-Diop par le Chef d\u2019\u00e9tat-major g\u00e9n\u00e9ral des Arm\u00e9es...<\/p>\n<\/div><\/div>\t\t\t\n\t\t\t<\/article>\n\t\t\t\t\n\t\t\t<article id=\"post-41765\" class=\"et_pb_post clearfix et_pb_blog_item_1_2 post-41765 post type-post status-publish format-standard has-post-thumbnail hentry category-economie\">\n\n\t\t\t\t<a href=\"https:\/\/rp221.com\/?p=41765\" class=\"entry-featured-image-url\"><img loading=\"lazy\" decoding=\"async\" src=\"https:\/\/rp221.com\/wp-content\/uploads\/2026\/08\/Tarifs-1080x675.webp\" alt=\"Hausse du prix du carburant: les chauffeurs redoutent un manque \u00e0 gagner\" class=\"\" width=\"1080\" height=\"675\" srcset=\"https:\/\/rp221.com\/wp-content\/uploads\/2026\/08\/Tarifs-980x559.webp 980w, https:\/\/rp221.com\/wp-content\/uploads\/2026\/08\/Tarifs-480x274.webp 480w\" sizes=\"(min-width: 0px) and (max-width: 480px) 480px, (min-width: 481px) and (max-width: 980px) 980px, (min-width: 981px) 1080px, 100vw\" \/><\/a>\n\t\t\t\t\t\t\t\t\t\t\t\t\t\t<h2 class=\"entry-title\">\n\t\t\t\t\t\t\t\t\t\t\t\t\t<a href=\"https:\/\/rp221.com\/?p=41765\">Hausse du prix du carburant: les chauffeurs redoutent un manque \u00e0 gagner<\/a>\n\t\t\t\t\t\t\t\t\t\t\t<\/h2>\n\t\t\t\t\n\t\t\t\t\t<p class=\"post-meta\"><span class=\"published\">Ao\u00fbt 18, 2026<\/span> | <a href=\"https:\/\/rp221.com\/?cat=42\" rel=\"tag\">Economie<\/a><\/p><div class=\"post-content\"><div class=\"post-content-inner\"><p>Face \u00e0 la hausse du prix du carburant, les professionnels du transport choisissent, pour l\u2019heure, d\u2019absorber le choc plut\u00f4t que de le r\u00e9percuter sur les passagers. Une tr\u00eave tarifaire qui prot\u00e8ge les usagers \u00e0 court terme, mais fragilise davantage des chauffeurs aux...<\/p>\n<\/div><\/div>\t\t\t\n\t\t\t<\/article>\n\t\t\t\t\n\t\t\t<article id=\"post-41762\" class=\"et_pb_post clearfix et_pb_blog_item_1_3 post-41762 post type-post status-publish format-standard has-post-thumbnail hentry category-economie\">\n\n\t\t\t\t<a href=\"https:\/\/rp221.com\/?p=41762\" class=\"entry-featured-image-url\"><img loading=\"lazy\" decoding=\"async\" src=\"https:\/\/rp221.com\/wp-content\/uploads\/2026\/08\/Gora-Khouma.jpg-1080x675.webp\" alt=\"Pr\u00e9sident de l\u2019Union des routiers du S\u00e9n\u00e9gal: Gora Khouma appelle au maintien des tarifs du transport\" class=\"\" width=\"1080\" height=\"675\" srcset=\"https:\/\/rp221.com\/wp-content\/uploads\/2026\/08\/Gora-Khouma.jpg-980x741.webp 980w, https:\/\/rp221.com\/wp-content\/uploads\/2026\/08\/Gora-Khouma.jpg-480x363.webp 480w\" sizes=\"(min-width: 0px) and (max-width: 480px) 480px, (min-width: 481px) and (max-width: 980px) 980px, (min-width: 981px) 1080px, 100vw\" \/><\/a>\n\t\t\t\t\t\t\t\t\t\t\t\t\t\t<h2 class=\"entry-title\">\n\t\t\t\t\t\t\t\t\t\t\t\t\t<a href=\"https:\/\/rp221.com\/?p=41762\">Pr\u00e9sident de l\u2019Union des routiers du S\u00e9n\u00e9gal: Gora Khouma appelle au maintien des tarifs du transport<\/a>\n\t\t\t\t\t\t\t\t\t\t\t<\/h2>\n\t\t\t\t\n\t\t\t\t\t<p class=\"post-meta\"><span class=\"published\">Ao\u00fbt 18, 2026<\/span> | <a href=\"https:\/\/rp221.com\/?cat=42\" rel=\"tag\">Economie<\/a><\/p><div class=\"post-content\"><div class=\"post-content-inner\"><p>La hausse du carburant ne doit pas entra\u00eener une nouvelle augmentation des tarifs de transport. C\u2019est la position d\u00e9fendue par Gora Khouma, pr\u00e9sident de l\u2019Union des routiers du S\u00e9n\u00e9gal, qui appelle les professionnels \u00e0 maintenir les prix pratiqu\u00e9s jusqu\u2019ici afin de ne...<\/p>\n<\/div><\/div>\t\t\t\n\t\t\t<\/article>\n\t\t\t\t\n\t\t\t<article id=\"post-41756\" class=\"et_pb_post clearfix et_pb_blog_item_1_4 post-41756 post type-post status-publish format-standard has-post-thumbnail hentry category-economie\">\n\n\t\t\t\t<a href=\"https:\/\/rp221.com\/?p=41756\" class=\"entry-featured-image-url\"><img loading=\"lazy\" decoding=\"async\" src=\"https:\/\/rp221.com\/wp-content\/uploads\/2026\/08\/IMG-20260816-WA0053.jpg-712x675.webp\" alt=\"Bient\u00f4t une industrie sp\u00e9cialis\u00e9e dans l\u2019assemblage \u00e0 Saint-Louis\" class=\"\" width=\"1080\" height=\"675\" srcset=\"https:\/\/rp221.com\/wp-content\/uploads\/2026\/08\/IMG-20260816-WA0053.jpg-712x675.webp 1080w, https:\/\/rp221.com\/wp-content\/uploads\/2026\/08\/IMG-20260816-WA0053.jpg-480x694.webp 480w\" sizes=\"(min-width: 0px) and (max-width: 480px) 480px, (min-width: 481px) 1080px, 100vw\" \/><\/a>\n\t\t\t\t\t\t\t\t\t\t\t\t\t\t<h2 class=\"entry-title\">\n\t\t\t\t\t\t\t\t\t\t\t\t\t<a href=\"https:\/\/rp221.com\/?p=41756\">Bient\u00f4t une industrie sp\u00e9cialis\u00e9e dans l\u2019assemblage \u00e0 Saint-Louis<\/a>\n\t\t\t\t\t\t\t\t\t\t\t<\/h2>\n\t\t\t\t\n\t\t\t\t\t<p class=\"post-meta\"><span class=\"published\">Ao\u00fbt 18, 2026<\/span> | <a href=\"https:\/\/rp221.com\/?cat=42\" rel=\"tag\">Economie<\/a><\/p><div class=\"post-content\"><div class=\"post-content-inner\"><p>Le S\u00e9n\u00e9gal veut franchir un nouveau cap dans la production locale de mat\u00e9riels num\u00e9riques. Une unit\u00e9 industrielle sp\u00e9cialis\u00e9e dans l\u2019assemblage et, \u00e0 terme, la fabrication d\u2019ordinateurs portables et de smartphones devrait voir le jour \u00e0 Saint-Louis \u00e0 partir de 2027....<\/p>\n<\/div><\/div>\t\t\t\n\t\t\t<\/article>\n\t\t\t\t\n\t\t\t<article id=\"post-41751\" class=\"et_pb_post clearfix et_pb_blog_item_1_5 post-41751 post type-post status-publish format-standard has-post-thumbnail hentry category-economie\">\n\n\t\t\t\t<a href=\"https:\/\/rp221.com\/?p=41751\" class=\"entry-featured-image-url\"><img loading=\"lazy\" decoding=\"async\" src=\"https:\/\/rp221.com\/wp-content\/uploads\/2026\/08\/Levee-de-fonds-Umoa-Titres-1-1080x675.webp\" alt=\"March\u00e9 des titres publics de l\u2019Uemoa : le S\u00e9n\u00e9gal vise 487 milliards de FCfa au troisi\u00e8me trimestre 2026\" class=\"\" width=\"1080\" height=\"675\" srcset=\"https:\/\/rp221.com\/wp-content\/uploads\/2026\/08\/Levee-de-fonds-Umoa-Titres-1-980x622.webp 980w, https:\/\/rp221.com\/wp-content\/uploads\/2026\/08\/Levee-de-fonds-Umoa-Titres-1-480x305.webp 480w\" sizes=\"(min-width: 0px) and (max-width: 480px) 480px, (min-width: 481px) and (max-width: 980px) 980px, (min-width: 981px) 1080px, 100vw\" \/><\/a>\n\t\t\t\t\t\t\t\t\t\t\t\t\t\t<h2 class=\"entry-title\">\n\t\t\t\t\t\t\t\t\t\t\t\t\t<a href=\"https:\/\/rp221.com\/?p=41751\">March\u00e9 des titres publics de l\u2019Uemoa : le S\u00e9n\u00e9gal vise 487 milliards de FCfa au troisi\u00e8me trimestre 2026<\/a>\n\t\t\t\t\t\t\t\t\t\t\t<\/h2>\n\t\t\t\t\n\t\t\t\t\t<p class=\"post-meta\"><span class=\"published\">Ao\u00fbt 12, 2026<\/span> | <a href=\"https:\/\/rp221.com\/?cat=42\" rel=\"tag\">Economie<\/a><\/p><div class=\"post-content\"><div class=\"post-content-inner\"><p>Sur le march\u00e9 des titres publics de la zone Uemoa, le S\u00e9n\u00e9gal ambitionne de mobiliser 487 milliards de FCfa. Cette op\u00e9ration vient confirmer la qualit\u00e9 de la signature de l\u2019\u00c9tat ainsi que sa capacit\u00e9 de mobilisation, en d\u00e9pit d\u2019un contexte tendu. Pour le troisi\u00e8me...<\/p>\n<\/div><\/div>\t\t\t\n\t\t\t<\/article>\n\t\t\t\t\n\t\t\t<article id=\"post-41748\" class=\"et_pb_post clearfix et_pb_blog_item_1_6 post-41748 post type-post status-publish format-standard has-post-thumbnail hentry category-economie\">\n\n\t\t\t\t<a href=\"https:\/\/rp221.com\/?p=41748\" class=\"entry-featured-image-url\"><img loading=\"lazy\" decoding=\"async\" src=\"https:\/\/rp221.com\/wp-content\/uploads\/2026\/08\/97666002-68001245.jpg\" alt=\"Des 650 millions d\u2019Abdou Diouf aux 1,7 milliard d\u2019Ousmane Sonko : L\u2019histoire jamais sold\u00e9e des fonds politiques\" class=\"\" width=\"1080\" height=\"675\" srcset=\"https:\/\/rp221.com\/wp-content\/uploads\/2026\/08\/97666002-68001245.jpg 1080w, https:\/\/rp221.com\/wp-content\/uploads\/2026\/08\/97666002-68001245-480x270.jpg 480w\" sizes=\"(min-width: 0px) and (max-width: 480px) 480px, (min-width: 481px) 1080px, 100vw\" \/><\/a>\n\t\t\t\t\t\t\t\t\t\t\t\t\t\t<h2 class=\"entry-title\">\n\t\t\t\t\t\t\t\t\t\t\t\t\t<a href=\"https:\/\/rp221.com\/?p=41748\">Des 650 millions d\u2019Abdou Diouf aux 1,7 milliard d\u2019Ousmane Sonko : L\u2019histoire jamais sold\u00e9e des fonds politiques<\/a>\n\t\t\t\t\t\t\t\t\t\t\t<\/h2>\n\t\t\t\t\n\t\t\t\t\t<p class=\"post-meta\"><span class=\"published\">Ao\u00fbt 12, 2026<\/span> | <a href=\"https:\/\/rp221.com\/?cat=42\" rel=\"tag\">Economie<\/a><\/p><div class=\"post-content\"><div class=\"post-content-inner\"><p>L\u2019affaire des \u00ab fonds politiques \u00bb s\u2019est impos\u00e9e, ces derniers jours, comme l\u2019un des d\u00e9bats les plus vifs de la sc\u00e8ne politique s\u00e9n\u00e9galaise. Sur les plateaux de t\u00e9l\u00e9vision, sur Facebook et sur l\u2019ensemble des r\u00e9seaux sociaux, responsables politiques, anciens ministres...<\/p>\n<\/div><\/div>\t\t\t\n\t\t\t<\/article>\n\t\t\t\t<div><div class=\"pagination clearfix\">\n\t<div class=\"alignleft\"><a href=\"https:\/\/rp221.com\/index.php?rest_route=%2Fwp%2Fv2%2Fpages%2F542&#038;paged=2&#038;et_blog\" >&laquo; Entr\u00e9es Plus Anciennes<\/a><\/div>\n\t<div class=\"alignright\"><\/div>\n<\/div><\/div><\/div>\n\t\t\t\t<\/div>\n\t\t\t\t \n\t\t\t<\/div>\n\t\t\t\t\n\t\t\t\t\n\t\t\t\t\n\t\t\t\t\n\t\t\t<\/div>\n\t\t\t\t\n\t\t\t\t\n\t\t\t<\/div><\/p>\n","protected":false},"excerpt":{"rendered":"","protected":false},"author":1,"featured_media":0,"parent":0,"menu_order":0,"comment_status":"closed","ping_status":"closed","template":"","meta":{"_et_pb_use_builder":"on","_et_pb_old_content":"","_et_gb_content_width":"","footnotes":""},"class_list":["post-542","page","type-page","status-publish","hentry"],"jetpack_sharing_enabled":true,"_links":{"self":[{"href":"https:\/\/rp221.com\/index.php?rest_route=\/wp\/v2\/pages\/542","targetHints":{"allow":["GET"]}}],"collection":[{"href":"https:\/\/rp221.com\/index.php?rest_route=\/wp\/v2\/pages"}],"about":[{"href":"https:\/\/rp221.com\/index.php?rest_route=\/wp\/v2\/types\/page"}],"author":[{"embeddable":true,"href":"https:\/\/rp221.com\/index.php?rest_route=\/wp\/v2\/users\/1"}],"replies":[{"embeddable":true,"href":"https:\/\/rp221.com\/index.php?rest_route=%2Fwp%2Fv2%2Fcomments&post=542"}],"version-history":[{"count":0,"href":"https:\/\/rp221.com\/index.php?rest_route=\/wp\/v2\/pages\/542\/revisions"}],"wp:attachment":[{"href":"https:\/\/rp221.com\/index.php?rest_route=%2Fwp%2Fv2%2Fmedia&parent=542"}],"curies":[{"name":"wp","href":"https:\/\/api.w.org\/{rel}","templated":true}]}}