{"id":1475,"date":"2022-06-16T21:22:12","date_gmt":"2022-06-16T21:22:12","guid":{"rendered":"http:\/\/rp221.com\/?page_id=1475"},"modified":"2026-05-04T12:04:45","modified_gmt":"2026-05-04T12:04:45","slug":"politique-2","status":"publish","type":"page","link":"https:\/\/rp221.com\/?page_id=1475","title":{"rendered":"Politique"},"content":{"rendered":"<p><div class=\"et_d4_element et_pb_section et_pb_section_0 et_pb_with_background  et_pb_css_mix_blend_mode et_section_regular et_block_section\" >\n\t\t\t\t\n\t\t\t\t\n\t\t\t\t\n\t\t\t\t\n\t\t\t\t\n\t\t\t\t\n\t\t\t\t<div class=\"et_d4_element et_pb_row et_pb_row_0  et_pb_css_mix_blend_mode et_block_row\">\n\t\t\t\t<div class=\"et_d4_element et_pb_column_4_4 et_pb_column et_pb_column_0  et_pb_css_mix_blend_mode et-last-child et_block_column\">\n\t\t\t\t\n\t\t\t\t\n\t\t\t\t\n\t\t\t\t\n\t\t\t\t<div class=\"et_pb_module et_d4_element et_pb_text et_pb_text_0  et_pb_text_align_left et_pb_bg_layout_light\">\n\t\t\t\t\n\t\t\t\t\n\t\t\t\t\n\t\t\t\t\n\t\t\t\t<div class=\"et_pb_text_inner\"><h2 style=\"text-align: center;\"><em><span style=\"color: #ffffff;\">Votre temps est pr\u00e9cieux, lisez l'essentiel de l'actualit\u00e9 sur rp221.com<\/span><\/em><\/h2><\/div>\n\t\t\t<\/div>\n\t\t\t<\/div>\n\t\t\t\t\n\t\t\t\t\n\t\t\t\t\n\t\t\t\t\n\t\t\t<\/div>\n\t\t\t\t\n\t\t\t\t\n\t\t\t<\/div><div class=\"et_d4_element et_pb_section et_pb_section_1  et_pb_css_mix_blend_mode et_section_regular et_block_section\" >\n\t\t\t\t\n\t\t\t\t\n\t\t\t\t\n\t\t\t\t\n\t\t\t\t\n\t\t\t\t\n\t\t\t\t<div class=\"et_d4_element et_pb_row et_pb_row_1  et_pb_css_mix_blend_mode et_block_row\">\n\t\t\t\t<div class=\"et_d4_element et_pb_column_1_2 et_pb_column et_pb_column_1  et_pb_css_mix_blend_mode et_block_column\">\n\t\t\t\t\n\t\t\t\t\n\t\t\t\t\n\t\t\t\t\n\t\t\t\t<div class=\"et_pb_module et_d4_element et_pb_blog_0  et_pb_css_mix_blend_mode et_pb_posts et_pb_bg_layout_light \">\n\t\t\t\t\n\t\t\t\t\n\t\t\t\t\n\t\t\t\t\n\t\t\t\t<div class=\"et_pb_ajax_pagination_container\">\n\t\t\t\t\t\n\t\t\t<article id=\"post-41874\" class=\"et_pb_post clearfix et_pb_blog_item_0_0 post-41874 post type-post status-publish format-standard has-post-thumbnail hentry category-politique\">\n\n\t\t\t\t<a href=\"https:\/\/rp221.com\/?p=41874\" class=\"entry-featured-image-url\"><img loading=\"lazy\" decoding=\"async\" src=\"https:\/\/rp221.com\/wp-content\/uploads\/2026\/08\/97734999-68039035-1.jpg\" alt=\"Pol\u00e9mique sur les fonds politiques : la FNCL d\u00e9nonce les \u00ab amalgames \u00bb d\u2019Ousmane Sonko et r\u00e9tablit la v\u00e9rit\u00e9 sur le d\u00e9cret de 2004\" class=\"\" width=\"1080\" height=\"675\" srcset=\"https:\/\/rp221.com\/wp-content\/uploads\/2026\/08\/97734999-68039035-1.jpg 1080w, https:\/\/rp221.com\/wp-content\/uploads\/2026\/08\/97734999-68039035-1-480x270.jpg 480w\" sizes=\"(min-width: 0px) and (max-width: 480px) 480px, (min-width: 481px) 1080px, 100vw\" \/><\/a>\n\t\t\t\t\t\t\t\t\t\t\t\t\t\t<h2 class=\"entry-title\">\n\t\t\t\t\t\t\t\t\t\t\t\t\t<a href=\"https:\/\/rp221.com\/?p=41874\">Pol\u00e9mique sur les fonds politiques : la FNCL d\u00e9nonce les \u00ab amalgames \u00bb d\u2019Ousmane Sonko et r\u00e9tablit la v\u00e9rit\u00e9 sur le d\u00e9cret de 2004<\/a>\n\t\t\t\t\t\t\t\t\t\t\t<\/h2>\n\t\t\t\t\n\t\t\t\t\t<div class=\"post-content\"><div class=\"post-content-inner\"><p>La F\u00e9d\u00e9ration Nationale des Cadres Lib\u00e9raux (FNCL) a publi\u00e9 ce mardi un communiqu\u00e9 cinglant pour r\u00e9pondre aux d\u00e9clarations du pr\u00e9sident de l\u2019Assembl\u00e9e nationale, Ousmane Sonko, lors de sa conf\u00e9rence de presse du 16 ao\u00fbt 2026. En cause : l\u2019invocation par ce dernier...<\/p>\n<\/div><\/div>\t\t\t\n\t\t\t<\/article>\n\t\t\t\t\n\t\t\t<article id=\"post-41871\" class=\"et_pb_post clearfix et_pb_blog_item_0_1 post-41871 post type-post status-publish format-standard has-post-thumbnail hentry category-politique\">\n\n\t\t\t\t<a href=\"https:\/\/rp221.com\/?p=41871\" class=\"entry-featured-image-url\"><img loading=\"lazy\" decoding=\"async\" src=\"https:\/\/rp221.com\/wp-content\/uploads\/2026\/08\/IMG_4020-1080x675.jpeg\" alt=\"TRAVAILLEURS LICENCI\u00c9S : LE GOUVERNEMENT ENGAGE LE PROCESSUS DE R\u00c9INT\u00c9GRATION DE 351 PERSONNES\" class=\"\" width=\"1080\" height=\"675\" srcset=\"https:\/\/rp221.com\/wp-content\/uploads\/2026\/08\/IMG_4020-980x752.jpeg 980w, https:\/\/rp221.com\/wp-content\/uploads\/2026\/08\/IMG_4020-480x368.jpeg 480w\" sizes=\"(min-width: 0px) and (max-width: 480px) 480px, (min-width: 481px) and (max-width: 980px) 980px, (min-width: 981px) 1080px, 100vw\" \/><\/a>\n\t\t\t\t\t\t\t\t\t\t\t\t\t\t<h2 class=\"entry-title\">\n\t\t\t\t\t\t\t\t\t\t\t\t\t<a href=\"https:\/\/rp221.com\/?p=41871\">TRAVAILLEURS LICENCI\u00c9S : LE GOUVERNEMENT ENGAGE LE PROCESSUS DE R\u00c9INT\u00c9GRATION DE 351 PERSONNES<\/a>\n\t\t\t\t\t\t\t\t\t\t\t<\/h2>\n\t\t\t\t\n\t\t\t\t\t<div class=\"post-content\"><div class=\"post-content-inner\"><p>Le gouvernement entend apporter une r\u00e9ponse au dossier des travailleurs licenci\u00e9s recens\u00e9s avec les organisations syndicales et l\u2019administration du travail. Au total,\u00a0351 personnes\u00a0sont d\u00e9sormais identifi\u00e9es comme concern\u00e9es, a indiqu\u00e9 mardi \u00e0 Dakar le ministre de la...<\/p>\n<\/div><\/div>\t\t\t\n\t\t\t<\/article>\n\t\t\t\t\n\t\t\t<article id=\"post-41862\" class=\"et_pb_post clearfix et_pb_blog_item_0_2 post-41862 post type-post status-publish format-standard has-post-thumbnail hentry category-politique\">\n\n\t\t\t\t<a href=\"https:\/\/rp221.com\/?p=41862\" class=\"entry-featured-image-url\"><img loading=\"lazy\" decoding=\"async\" src=\"https:\/\/rp221.com\/wp-content\/uploads\/2026\/08\/Capture-decran-2026-08-20-a-10.09.17-1080x675.png\" alt=\"C\u00f4te d\u2019Ivoire\u00a0: Adama Bictogo \u00e0 \u00ab\u00a0Yop City\u00a0\u00bb, loin du\u00a0perchoir mais pas du pouvoir\" class=\"\" width=\"1080\" height=\"675\" srcset=\"https:\/\/rp221.com\/wp-content\/uploads\/2026\/08\/Capture-decran-2026-08-20-a-10.09.17-980x637.png 980w, https:\/\/rp221.com\/wp-content\/uploads\/2026\/08\/Capture-decran-2026-08-20-a-10.09.17-480x312.png 480w\" sizes=\"(min-width: 0px) and (max-width: 480px) 480px, (min-width: 481px) and (max-width: 980px) 980px, (min-width: 981px) 1080px, 100vw\" \/><\/a>\n\t\t\t\t\t\t\t\t\t\t\t\t\t\t<h2 class=\"entry-title\">\n\t\t\t\t\t\t\t\t\t\t\t\t\t<a href=\"https:\/\/rp221.com\/?p=41862\">C\u00f4te d\u2019Ivoire\u00a0: Adama Bictogo \u00e0 \u00ab\u00a0Yop City\u00a0\u00bb, loin du\u00a0perchoir mais pas du pouvoir<\/a>\n\t\t\t\t\t\t\t\t\t\t\t<\/h2>\n\t\t\t\t\n\t\t\t\t\t<div class=\"post-content\"><div class=\"post-content-inner\"><p>Quelques mois apr\u00e8s avoir quitt\u00e9 la pr\u00e9sidence de l\u2019Assembl\u00e9e nationale, Adama Bictogo investit d\u00e9sormais son \u00e9nergie \u00e0 Yopougon, \u00e0 la t\u00eate de la Snedai, le groupe qu\u2019il a fond\u00e9, mais aussi aupr\u00e8s de sa famille. Portrait d\u2019un homme qui patiente, sans rien c\u00e9der de sa...<\/p>\n<\/div><\/div>\t\t\t\n\t\t\t<\/article>\n\t\t\t\t\n\t\t\t<article id=\"post-41856\" class=\"et_pb_post clearfix et_pb_blog_item_0_3 post-41856 post type-post status-publish format-standard has-post-thumbnail hentry category-politique\">\n\n\t\t\t\t<a href=\"https:\/\/rp221.com\/?p=41856\" class=\"entry-featured-image-url\"><img loading=\"lazy\" decoding=\"async\" src=\"https:\/\/rp221.com\/wp-content\/uploads\/2026\/08\/97746126-68044893.jpg\" alt=\"Tivaouane : Le pr\u00e9sident de la R\u00e9publique attendu ce vendredi dans la cit\u00e9 religieuse (Ministre de l&rsquo;int\u00e9rieur)\" class=\"\" width=\"1080\" height=\"675\" srcset=\"https:\/\/rp221.com\/wp-content\/uploads\/2026\/08\/97746126-68044893.jpg 1080w, https:\/\/rp221.com\/wp-content\/uploads\/2026\/08\/97746126-68044893-480x270.jpg 480w\" sizes=\"(min-width: 0px) and (max-width: 480px) 480px, (min-width: 481px) 1080px, 100vw\" \/><\/a>\n\t\t\t\t\t\t\t\t\t\t\t\t\t\t<h2 class=\"entry-title\">\n\t\t\t\t\t\t\t\t\t\t\t\t\t<a href=\"https:\/\/rp221.com\/?p=41856\">Tivaouane : Le pr\u00e9sident de la R\u00e9publique attendu ce vendredi dans la cit\u00e9 religieuse (Ministre de l&rsquo;int\u00e9rieur)<\/a>\n\t\t\t\t\t\t\t\t\t\t\t<\/h2>\n\t\t\t\t\n\t\t\t\t\t<div class=\"post-content\"><div class=\"post-content-inner\"><p>En pr\u00e9lude au gamou de Tivaouane, une r\u00e9union d'\u00e9valuation a \u00e9t\u00e9 organis\u00e9e ce mercredi 19 ao\u00fbt 2026, en pr\u00e9sence du ministre de l'int\u00e9rieur, Mouhamadou Mactar Ciss\u00e9, des chefs de service et des membres du comit\u00e9 d'organisation, \u00e0 savoir Serigne Habib Sy Ibn Serigne...<\/p>\n<\/div><\/div>\t\t\t\n\t\t\t<\/article>\n\t\t\t\t<div><div class=\"pagination clearfix\">\n\t<div class=\"alignleft\"><a href=\"https:\/\/rp221.com\/index.php?rest_route=%2Fwp%2Fv2%2Fpages%2F1475&#038;paged=2&#038;et_blog\" >&laquo; Entr\u00e9es Plus Anciennes<\/a><\/div>\n\t<div class=\"alignright\"><\/div>\n<\/div><\/div><\/div>\n\t\t\t\t<\/div>\n\t\t\t\t \n\t\t\t<\/div><div class=\"et_d4_element et_pb_column_1_2 et_pb_column et_pb_column_2  et_pb_css_mix_blend_mode et-last-child et_block_column\">\n\t\t\t\t\n\t\t\t\t\n\t\t\t\t\n\t\t\t\t\n\t\t\t\t<div class=\"et_pb_module et_d4_element et_pb_blog_1  et_pb_css_mix_blend_mode et_pb_posts et_pb_bg_layout_light \">\n\t\t\t\t\n\t\t\t\t\n\t\t\t\t\n\t\t\t\t\n\t\t\t\t<div class=\"et_pb_ajax_pagination_container\">\n\t\t\t\t\t\n\t\t\t<article id=\"post-41780\" class=\"et_pb_post clearfix et_pb_blog_item_1_0 post-41780 post type-post status-publish format-standard has-post-thumbnail hentry category-politique\">\n\n\t\t\t\t<a href=\"https:\/\/rp221.com\/?p=41780\" class=\"entry-featured-image-url\"><img loading=\"lazy\" decoding=\"async\" src=\"https:\/\/rp221.com\/wp-content\/uploads\/2026\/08\/Diomaye-et-Fmi.jpg-1080x675.webp\" alt=\"S\u00e9n\u00e9gal : une mission du FMI attendue \u00e0 Dakar du 19 ao\u00fbt au 1er septembre\" class=\"\" width=\"1080\" height=\"675\" srcset=\"https:\/\/rp221.com\/wp-content\/uploads\/2026\/08\/Diomaye-et-Fmi.jpg-980x640.webp 980w, https:\/\/rp221.com\/wp-content\/uploads\/2026\/08\/Diomaye-et-Fmi.jpg-480x313.webp 480w\" sizes=\"(min-width: 0px) and (max-width: 480px) 480px, (min-width: 481px) and (max-width: 980px) 980px, (min-width: 981px) 1080px, 100vw\" \/><\/a>\n\t\t\t\t\t\t\t\t\t\t\t\t\t\t<h2 class=\"entry-title\">\n\t\t\t\t\t\t\t\t\t\t\t\t\t<a href=\"https:\/\/rp221.com\/?p=41780\">S\u00e9n\u00e9gal : une mission du FMI attendue \u00e0 Dakar du 19 ao\u00fbt au 1er septembre<\/a>\n\t\t\t\t\t\t\t\t\t\t\t<\/h2>\n\t\t\t\t\n\t\t\t\t\t<div class=\"post-content\"><div class=\"post-content-inner\"><p>Une \u00e9quipe des services du Fonds mon\u00e9taire international (Fmi), conduite par Mercedes Vera Martin, cheffe de mission pour le S\u00e9n\u00e9gal, effectuera une visite \u00e0 Dakar du 19 ao\u00fbt au 1er septembre 2026, a annonc\u00e9 lundi l\u2019institution sur son site officiel. Cette mission...<\/p>\n<\/div><\/div>\t\t\t\n\t\t\t<\/article>\n\t\t\t\t\n\t\t\t<article id=\"post-41771\" class=\"et_pb_post clearfix et_pb_blog_item_1_1 post-41771 post type-post status-publish format-standard has-post-thumbnail hentry category-politique\">\n\n\t\t\t\t<a href=\"https:\/\/rp221.com\/?p=41771\" class=\"entry-featured-image-url\"><img loading=\"lazy\" decoding=\"async\" src=\"https:\/\/rp221.com\/wp-content\/uploads\/2026\/08\/97722535-68032335.jpg\" alt=\"Article 37 : \u00ab Le peuple s\u00e9n\u00e9galais aura le dernier mot par r\u00e9f\u00e9rendum \u00bb (Garde des Sceaux Ministre de la Justice, Me Moussa Sarr)\" class=\"\" width=\"1080\" height=\"675\" srcset=\"https:\/\/rp221.com\/wp-content\/uploads\/2026\/08\/97722535-68032335.jpg 1080w, https:\/\/rp221.com\/wp-content\/uploads\/2026\/08\/97722535-68032335-480x270.jpg 480w\" sizes=\"(min-width: 0px) and (max-width: 480px) 480px, (min-width: 481px) 1080px, 100vw\" \/><\/a>\n\t\t\t\t\t\t\t\t\t\t\t\t\t\t<h2 class=\"entry-title\">\n\t\t\t\t\t\t\t\t\t\t\t\t\t<a href=\"https:\/\/rp221.com\/?p=41771\">Article 37 : \u00ab Le peuple s\u00e9n\u00e9galais aura le dernier mot par r\u00e9f\u00e9rendum \u00bb (Garde des Sceaux Ministre de la Justice, Me Moussa Sarr)<\/a>\n\t\t\t\t\t\t\t\t\t\t\t<\/h2>\n\t\t\t\t\n\t\t\t\t\t<div class=\"post-content\"><div class=\"post-content-inner\"><p>Le ministre de la Justice, Garde des Sceaux, a annonc\u00e9 ce lundi devant les d\u00e9put\u00e9s que la r\u00e9vision de l\u2019article 37 de la Constitution, relative \u00e0 la d\u00e9claration de patrimoine, sera soumise au peuple s\u00e9n\u00e9galais par voie r\u00e9f\u00e9rendaire, dans le cadre d\u2019une r\u00e9forme...<\/p>\n<\/div><\/div>\t\t\t\n\t\t\t<\/article>\n\t\t\t\t\n\t\t\t<article id=\"post-41768\" class=\"et_pb_post clearfix et_pb_blog_item_1_2 post-41768 post type-post status-publish format-standard has-post-thumbnail hentry category-politique\">\n\n\t\t\t\t<a href=\"https:\/\/rp221.com\/?p=41768\" class=\"entry-featured-image-url\"><img loading=\"lazy\" decoding=\"async\" src=\"https:\/\/rp221.com\/wp-content\/uploads\/2026\/08\/12811806420967883153.jpeg\" alt=\"Surfacturation, d\u00e9tournements : Une information judiciaire ouverte par le PJF concernant deux agents d\u2019une filiale de la CDC\" class=\"\" width=\"1080\" height=\"675\" srcset=\"https:\/\/rp221.com\/wp-content\/uploads\/2026\/08\/12811806420967883153.jpeg 1080w, https:\/\/rp221.com\/wp-content\/uploads\/2026\/08\/12811806420967883153-980x512.jpeg 980w, https:\/\/rp221.com\/wp-content\/uploads\/2026\/08\/12811806420967883153-480x251.jpeg 480w\" sizes=\"(min-width: 0px) and (max-width: 480px) 480px, (min-width: 481px) and (max-width: 980px) 980px, (min-width: 981px) 1080px, 100vw\" \/><\/a>\n\t\t\t\t\t\t\t\t\t\t\t\t\t\t<h2 class=\"entry-title\">\n\t\t\t\t\t\t\t\t\t\t\t\t\t<a href=\"https:\/\/rp221.com\/?p=41768\">Surfacturation, d\u00e9tournements : Une information judiciaire ouverte par le PJF concernant deux agents d\u2019une filiale de la CDC<\/a>\n\t\t\t\t\t\t\t\t\t\t\t<\/h2>\n\t\t\t\t\n\t\t\t\t\t<div class=\"post-content\"><div class=\"post-content-inner\"><p>Le Pool judiciaire financier (PJF) a rendu public, ce jeudi 13 ao\u00fbt, un communiqu\u00e9 du Procureur de la R\u00e9publique financier annon\u00e7ant l\u2019ouverture d\u2019une information judiciaire dans une affaire de d\u00e9tournement pr\u00e9sum\u00e9 au sein du Consortium Africain de Conseil et...<\/p>\n<\/div><\/div>\t\t\t\n\t\t\t<\/article>\n\t\t\t\t\n\t\t\t<article id=\"post-41600\" class=\"et_pb_post clearfix et_pb_blog_item_1_3 post-41600 post type-post status-publish format-standard has-post-thumbnail hentry category-politique\">\n\n\t\t\t\t<a href=\"https:\/\/rp221.com\/?p=41600\" class=\"entry-featured-image-url\"><img loading=\"lazy\" decoding=\"async\" src=\"https:\/\/rp221.com\/wp-content\/uploads\/2026\/08\/Capture-decran-2026-08-06-a-02.11.00-1080x675.png\" alt=\"S\u00e9n\u00e9gal : 5 questions pour comprendre la strat\u00e9gie de Bassirou Diomaye Faye face \u00e0 Ousmane Sonko\" class=\"\" width=\"1080\" height=\"675\" srcset=\"https:\/\/rp221.com\/wp-content\/uploads\/2026\/08\/Capture-decran-2026-08-06-a-02.11.00-980x651.png 980w, https:\/\/rp221.com\/wp-content\/uploads\/2026\/08\/Capture-decran-2026-08-06-a-02.11.00-480x319.png 480w\" sizes=\"(min-width: 0px) and (max-width: 480px) 480px, (min-width: 481px) and (max-width: 980px) 980px, (min-width: 981px) 1080px, 100vw\" \/><\/a>\n\t\t\t\t\t\t\t\t\t\t\t\t\t\t<h2 class=\"entry-title\">\n\t\t\t\t\t\t\t\t\t\t\t\t\t<a href=\"https:\/\/rp221.com\/?p=41600\">S\u00e9n\u00e9gal : 5 questions pour comprendre la strat\u00e9gie de Bassirou Diomaye Faye face \u00e0 Ousmane Sonko<\/a>\n\t\t\t\t\t\t\t\t\t\t\t<\/h2>\n\t\t\t\t\n\t\t\t\t\t<div class=\"post-content\"><div class=\"post-content-inner\"><p>En lan\u00e7ant sa propre formation politique Kiiraay-Les Patriotes r\u00e9publicains, le chef de l\u2019\u00c9tat a scell\u00e9 son divorce avec son ancien alli\u00e9 Ousmane Sonko, dont le parti est majoritaire \u00e0 l\u2019Assembl\u00e9e nationale. Une strat\u00e9gie \u00e0 quitte ou double pour l\u2019ex\u00e9cutif....<\/p>\n<\/div><\/div>\t\t\t\n\t\t\t<\/article>\n\t\t\t\t<div><div class=\"pagination clearfix\">\n\t<div class=\"alignleft\"><a href=\"https:\/\/rp221.com\/index.php?rest_route=%2Fwp%2Fv2%2Fpages%2F1475&#038;paged=2&#038;et_blog\" >&laquo; Entr\u00e9es Plus Anciennes<\/a><\/div>\n\t<div class=\"alignright\"><\/div>\n<\/div><\/div><\/div>\n\t\t\t\t<\/div>\n\t\t\t\t \n\t\t\t<\/div>\n\t\t\t\t\n\t\t\t\t\n\t\t\t\t\n\t\t\t\t\n\t\t\t<\/div>\n\t\t\t\t\n\t\t\t\t\n\t\t\t<\/div><\/p>\n","protected":false},"excerpt":{"rendered":"","protected":false},"author":1,"featured_media":0,"parent":0,"menu_order":0,"comment_status":"closed","ping_status":"closed","template":"","meta":{"_et_pb_use_builder":"on","_et_pb_old_content":"","_et_gb_content_width":"1080","footnotes":""},"class_list":["post-1475","page","type-page","status-publish","hentry"],"jetpack_sharing_enabled":true,"_links":{"self":[{"href":"https:\/\/rp221.com\/index.php?rest_route=\/wp\/v2\/pages\/1475","targetHints":{"allow":["GET"]}}],"collection":[{"href":"https:\/\/rp221.com\/index.php?rest_route=\/wp\/v2\/pages"}],"about":[{"href":"https:\/\/rp221.com\/index.php?rest_route=\/wp\/v2\/types\/page"}],"author":[{"embeddable":true,"href":"https:\/\/rp221.com\/index.php?rest_route=\/wp\/v2\/users\/1"}],"replies":[{"embeddable":true,"href":"https:\/\/rp221.com\/index.php?rest_route=%2Fwp%2Fv2%2Fcomments&post=1475"}],"version-history":[{"count":0,"href":"https:\/\/rp221.com\/index.php?rest_route=\/wp\/v2\/pages\/1475\/revisions"}],"wp:attachment":[{"href":"https:\/\/rp221.com\/index.php?rest_route=%2Fwp%2Fv2%2Fmedia&parent=1475"}],"curies":[{"name":"wp","href":"https:\/\/api.w.org\/{rel}","templated":true}]}}